{"id":31246,"date":"2020-03-13T10:37:25","date_gmt":"2020-03-13T09:37:25","guid":{"rendered":"https:\/\/www.la-cezille.ch\/?page_id=31246"},"modified":"2026-03-22T21:29:59","modified_gmt":"2026-03-22T20:29:59","slug":"kontakt-und-reservation","status":"publish","type":"page","link":"https:\/\/www.la-cezille.ch\/de\/kontakt-und-reservation\/","title":{"rendered":"Kontakt und Reservation"},"content":{"rendered":"<div class=\"brz-root__container brz-reset-all\">\n<section id=\"huxocabxrnjmfefplrnnvbframeudnapbexm\" class=\"brz-section brz-css-qHt_H\">\n<div class=\"brz-section__content brz-section--boxed brz-css-mQjZp brz-css-jVLtD\" data-brz-custom-id=\"mjpkpjayninndcrddbxzafojdhjaeesqylvj\">\n<div class=\"brz-bg\">\n<div class=\"brz-bg-image\"><\/div>\n<\/div>\n<div class=\"brz-container brz-css-qgd_I\">\n<div class=\"brz-row__container brz-css-kcwnt\" data-brz-custom-id=\"nhaybktwnggubdjttkokalltyexprzdatgln\">\n<div class=\"brz-bg\"><\/div>\n<div class=\"brz-row brz-css-sPaty brz-css-bh2Ul\">\n<div class=\"brz-columns brz-css-xhpNv brz-css-yBv9j\" data-brz-custom-id=\"ylvwacezeuwhlcvfjjnjawwgwbyhvyfchjdh\">\n<div class=\"brz-bg\"><\/div>\n<div class=\"brz-column__items brz-css-n5zxS brz-css-pniIR\">\n<div id class=\"brz-css-ps5JF brz-wrapper\">\n<div class=\"brz-rich-text brz-rich-text__custom brz-css-tFHjJ\" data-brz-custom-id=\"kkvwtfnedybdqvdonckqidmpluxkabifvtww\">\n<div data-brz-translate-text=\"1\">\n<h1 class=\"brz-text-lg-center brz-ff-montserrat brz-fw-xs-im-700 brz-fw-sm-im-700 brz-fw-lg-700 brz-ft-google brz-ls-xs-im-m_1 brz-ls-sm-im-m_1 brz-ls-lg-m_1_5 brz-fs-xs-im-36 brz-fs-sm-im-38 brz-fs-lg-46 brz-lh-xs-im-1_3 brz-lh-sm-im-1_2 brz-lh-lg-1_3 brz-text-xs-center brz-css-m_8je\"><span class=\"brz-cp-color8\"><span>Kontakt und Reservation <\/span><\/span><\/h1>\n<\/div>\n<\/div>\n<\/div>\n<div id class=\"brz-css-ps5JF brz-css-cuLcm brz-wrapper\">\n<div class=\"brz-spacer brz-css-qkYEJ brz-css-kzCdK\"><\/div>\n<\/div>\n<\/div>\n<\/div>\n<\/div>\n<\/div>\n<\/div>\n<\/div>\n<\/section>\n<section id=\"iutvgjjqqgdememjsitouuezwuobltpmqvyk\" class=\"brz-section brz-css-qHt_H\">\n<div class=\"brz-section__content brz-section--boxed brz-css-mQjZp brz-css-rCRY9\" data-brz-custom-id=\"uzegqpidmdtdyjplsjkwjlqgkqrwpuustgpe\">\n<div class=\"brz-bg\">\n<div class=\"brz-bg-color\"><\/div>\n<\/div>\n<div class=\"brz-container brz-css-qgd_I brz-css-uGzkY\">\n<div id class=\"brz-css-ps5JF brz-css-tzRwJ brz-wrapper\">\n<div class=\"brz-rich-text brz-rich-text__custom brz-css-tFHjJ\" data-brz-custom-id=\"elwtebvuymerwhdsgvsxugfaogesiifcwvgn\">\n<div data-brz-translate-text=\"1\">\n<p class=\"brz-text-xs-center brz-fw-xs-400 brz-tp-heading2 brz-fw-sm-400 brz-css-ntLTm\">Informationen und Reservierungen<\/p>\n<\/div>\n<\/div>\n<\/div>\n<div id class=\"brz-css-ps5JF brz-css-m3n9j brz-wrapper\">\n<div class=\"brz-rich-text brz-rich-text__custom brz-css-tFHjJ\" data-brz-custom-id=\"hbkzsrnsdbbwxyyrpcvrbnisfkcqccjjrjoo\">\n<div data-brz-translate-text=\"1\">\n<p class=\"brz-tp-paragraph brz-css-nICIb\">M&ouml;chten Sie uns schreiben? Z&ouml;gern Sie nicht! Wir antworten Ihnen gerne:<\/p>\n<p class=\"brz-tp-paragraph brz-text-xs-center brz-css-a6c8p\"><\/p>\n<p class=\"brz-text-xs-center brz-tp-paragraph brz-css-pGEqv\"><strong>Herr Ernest Senn<\/strong><\/p>\n<p class=\"brz-text-xs-center brz-tp-paragraph brz-css-kfHjW\"><\/p>\n<p class=\"brz-text-xs-center brz-tp-paragraph brz-css-tsh8K\"><a class=\"link--external\" href=\"tel:+4179%20345%2057%2061\" data-brz-link-type=\"external\">Tel: +4179 345 57 61<\/a><\/p>\n<p class=\"brz-text-xs-center brz-tp-paragraph brz-css-xrPfK\"><a class=\"link--external\" href=\"mailto:lacezille@ref-genf.ch\" data-brz-link-type=\"external\">lacezille@ref-genf.ch<\/a><\/p>\n<p class=\"brz-text-xs-center brz-tp-paragraph brz-css-j0xgX\"><\/p>\n<\/div>\n<\/div>\n<\/div>\n<div id class=\"brz-css-ps5JF brz-css-cuLcm brz-css-tElWS brz-wrapper\">\n<div class=\"brz-spacer brz-css-qkYEJ brz-css-nrCUR\"><\/div>\n<\/div>\n<div id class=\"brz-css-ps5JF brz-css-cuLcm brz-wrapper\">\n<div class=\"brz-spacer brz-css-qkYEJ brz-css-lHWyI\"><\/div>\n<\/div>\n<\/div>\n<\/div>\n<\/section>\n<\/div>\n<p><!-- version:1774211399 --><\/p>\n","protected":false},"excerpt":{"rendered":"<p>Kontakt und Reservation Informationen und Reservierungen M&ouml;chten Sie uns schreiben? Z&ouml;gern Sie nicht! Wir antworten Ihnen gerne: Herr Ernest Senn Tel: +4179 345 57 61 lacezille@ref-genf.ch<\/p>\n","protected":false},"author":1,"featured_media":0,"parent":0,"menu_order":0,"comment_status":"closed","ping_status":"closed","template":"","meta":{"site-sidebar-layout":"no-sidebar","site-content-layout":"page-builder","ast-site-content-layout":"full-width-container","site-content-style":"unboxed","site-sidebar-style":"unboxed","ast-global-header-display":"","ast-banner-title-visibility":"","ast-main-header-display":"","ast-hfb-above-header-display":"","ast-hfb-below-header-display":"","ast-hfb-mobile-header-display":"","site-post-title":"disabled","ast-breadcrumbs-content":"","ast-featured-img":"disabled","footer-sml-layout":"","theme-transparent-header-meta":"default","adv-header-id-meta":"","stick-header-meta":"default","header-above-stick-meta":"","header-main-stick-meta":"","header-below-stick-meta":"","astra-migrate-meta-layouts":"default","ast-page-background-enabled":"default","ast-page-background-meta":{"desktop":{"background-color":"","background-image":"","background-repeat":"repeat","background-position":"center center","background-size":"auto","background-attachment":"scroll","background-type":"","background-media":"","overlay-type":"","overlay-color":"","overlay-opacity":"","overlay-gradient":""},"tablet":{"background-color":"","background-image":"","background-repeat":"repeat","background-position":"center center","background-size":"auto","background-attachment":"scroll","background-type":"","background-media":"","overlay-type":"","overlay-color":"","overlay-opacity":"","overlay-gradient":""},"mobile":{"background-color":"","background-image":"","background-repeat":"repeat","background-position":"center center","background-size":"auto","background-attachment":"scroll","background-type":"","background-media":"","overlay-type":"","overlay-color":"","overlay-opacity":"","overlay-gradient":""}},"ast-content-background-meta":{"desktop":{"background-color":"var(--ast-global-color-5)","background-image":"","background-repeat":"repeat","background-position":"center center","background-size":"auto","background-attachment":"scroll","background-type":"","background-media":"","overlay-type":"","overlay-color":"","overlay-opacity":"","overlay-gradient":""},"tablet":{"background-color":"var(--ast-global-color-5)","background-image":"","background-repeat":"repeat","background-position":"center center","background-size":"auto","background-attachment":"scroll","background-type":"","background-media":"","overlay-type":"","overlay-color":"","overlay-opacity":"","overlay-gradient":""},"mobile":{"background-color":"var(--ast-global-color-5)","background-image":"","background-repeat":"repeat","background-position":"center center","background-size":"auto","background-attachment":"scroll","background-type":"","background-media":"","overlay-type":"","overlay-color":"","overlay-opacity":"","overlay-gradient":""}},"footnotes":""},"class_list":["post-31246","page","type-page","status-publish","hentry"],"yoast_head":"<!-- This site is optimized with the Yoast SEO plugin v22.8 - https:\/\/yoast.com\/wordpress\/plugins\/seo\/ -->\n<title>Kontakt und Reservation - La C\u00e9zille<\/title>\n<meta name=\"description\" content=\"Ben\u00f6tigen Sie Informationen oder reservieren Sie? Gerne beantworten wir Sie unter +41 79 345 57 61 oder \u00fcber unser Formular.\" \/>\n<meta name=\"robots\" content=\"index, follow, max-snippet:-1, max-image-preview:large, max-video-preview:-1\" \/>\n<link rel=\"canonical\" href=\"https:\/\/www.la-cezille.ch\/de\/kontakt-und-reservation\/\" \/>\n<meta property=\"og:locale\" content=\"de_DE\" \/>\n<meta property=\"og:type\" content=\"article\" \/>\n<meta property=\"og:title\" content=\"Kontakt und Reservation - La C\u00e9zille\" \/>\n<meta property=\"og:description\" content=\"Ben\u00f6tigen Sie Informationen oder reservieren Sie? Gerne beantworten wir Sie unter +41 79 345 57 61 oder \u00fcber unser Formular.\" \/>\n<meta property=\"og:url\" content=\"https:\/\/www.la-cezille.ch\/de\/kontakt-und-reservation\/\" \/>\n<meta property=\"og:site_name\" content=\"La C\u00e9zille\" \/>\n<meta property=\"article:modified_time\" content=\"2026-03-22T20:29:59+00:00\" \/>\n<meta name=\"twitter:card\" content=\"summary_large_image\" \/>\n<script type=\"application\/ld+json\" class=\"yoast-schema-graph\">{\"@context\":\"https:\/\/schema.org\",\"@graph\":[{\"@type\":\"WebPage\",\"@id\":\"https:\/\/www.la-cezille.ch\/de\/kontakt-und-reservation\/\",\"url\":\"https:\/\/www.la-cezille.ch\/de\/kontakt-und-reservation\/\",\"name\":\"Kontakt und Reservation - La C\u00e9zille\",\"isPartOf\":{\"@id\":\"https:\/\/www.la-cezille.ch\/de\/#website\"},\"datePublished\":\"2020-03-13T09:37:25+00:00\",\"dateModified\":\"2026-03-22T20:29:59+00:00\",\"description\":\"Ben\u00f6tigen Sie Informationen oder reservieren Sie? Gerne beantworten wir Sie unter +41 79 345 57 61 oder \u00fcber unser Formular.\",\"breadcrumb\":{\"@id\":\"https:\/\/www.la-cezille.ch\/de\/kontakt-und-reservation\/#breadcrumb\"},\"inLanguage\":\"de\",\"potentialAction\":[{\"@type\":\"ReadAction\",\"target\":[\"https:\/\/www.la-cezille.ch\/de\/kontakt-und-reservation\/\"]}]},{\"@type\":\"BreadcrumbList\",\"@id\":\"https:\/\/www.la-cezille.ch\/de\/kontakt-und-reservation\/#breadcrumb\",\"itemListElement\":[{\"@type\":\"ListItem\",\"position\":1,\"name\":\"Accueil\",\"item\":\"https:\/\/www.la-cezille.ch\/de\/\"},{\"@type\":\"ListItem\",\"position\":2,\"name\":\"Kontakt und Reservation\"}]},{\"@type\":\"WebSite\",\"@id\":\"https:\/\/www.la-cezille.ch\/de\/#website\",\"url\":\"https:\/\/www.la-cezille.ch\/de\/\",\"name\":\"La C\u00e9zille\",\"description\":\"\",\"publisher\":{\"@id\":\"https:\/\/www.la-cezille.ch\/de\/#organization\"},\"potentialAction\":[{\"@type\":\"SearchAction\",\"target\":{\"@type\":\"EntryPoint\",\"urlTemplate\":\"https:\/\/www.la-cezille.ch\/de\/?s={search_term_string}\"},\"query-input\":\"required name=search_term_string\"}],\"inLanguage\":\"de\"},{\"@type\":\"Organization\",\"@id\":\"https:\/\/www.la-cezille.ch\/de\/#organization\",\"name\":\"La C\u00e9zille\",\"url\":\"https:\/\/www.la-cezille.ch\/de\/\",\"logo\":{\"@type\":\"ImageObject\",\"inLanguage\":\"de\",\"@id\":\"https:\/\/www.la-cezille.ch\/de\/#\/schema\/logo\/image\/\",\"url\":\"https:\/\/www.la-cezille.ch\/wp-content\/uploads\/2019\/11\/La-cezille.png\",\"contentUrl\":\"https:\/\/www.la-cezille.ch\/wp-content\/uploads\/2019\/11\/La-cezille.png\",\"width\":327,\"height\":133,\"caption\":\"La C\u00e9zille\"},\"image\":{\"@id\":\"https:\/\/www.la-cezille.ch\/de\/#\/schema\/logo\/image\/\"}}]}<\/script>\n<!-- \/ Yoast SEO plugin. -->","yoast_head_json":{"title":"Kontakt und Reservation - La C\u00e9zille","description":"Ben\u00f6tigen Sie Informationen oder reservieren Sie? Gerne beantworten wir Sie unter +41 79 345 57 61 oder \u00fcber unser Formular.","robots":{"index":"index","follow":"follow","max-snippet":"max-snippet:-1","max-image-preview":"max-image-preview:large","max-video-preview":"max-video-preview:-1"},"canonical":"https:\/\/www.la-cezille.ch\/de\/kontakt-und-reservation\/","og_locale":"de_DE","og_type":"article","og_title":"Kontakt und Reservation - La C\u00e9zille","og_description":"Ben\u00f6tigen Sie Informationen oder reservieren Sie? Gerne beantworten wir Sie unter +41 79 345 57 61 oder \u00fcber unser Formular.","og_url":"https:\/\/www.la-cezille.ch\/de\/kontakt-und-reservation\/","og_site_name":"La C\u00e9zille","article_modified_time":"2026-03-22T20:29:59+00:00","twitter_card":"summary_large_image","schema":{"@context":"https:\/\/schema.org","@graph":[{"@type":"WebPage","@id":"https:\/\/www.la-cezille.ch\/de\/kontakt-und-reservation\/","url":"https:\/\/www.la-cezille.ch\/de\/kontakt-und-reservation\/","name":"Kontakt und Reservation - La C\u00e9zille","isPartOf":{"@id":"https:\/\/www.la-cezille.ch\/de\/#website"},"datePublished":"2020-03-13T09:37:25+00:00","dateModified":"2026-03-22T20:29:59+00:00","description":"Ben\u00f6tigen Sie Informationen oder reservieren Sie? Gerne beantworten wir Sie unter +41 79 345 57 61 oder \u00fcber unser Formular.","breadcrumb":{"@id":"https:\/\/www.la-cezille.ch\/de\/kontakt-und-reservation\/#breadcrumb"},"inLanguage":"de","potentialAction":[{"@type":"ReadAction","target":["https:\/\/www.la-cezille.ch\/de\/kontakt-und-reservation\/"]}]},{"@type":"BreadcrumbList","@id":"https:\/\/www.la-cezille.ch\/de\/kontakt-und-reservation\/#breadcrumb","itemListElement":[{"@type":"ListItem","position":1,"name":"Accueil","item":"https:\/\/www.la-cezille.ch\/de\/"},{"@type":"ListItem","position":2,"name":"Kontakt und Reservation"}]},{"@type":"WebSite","@id":"https:\/\/www.la-cezille.ch\/de\/#website","url":"https:\/\/www.la-cezille.ch\/de\/","name":"La C\u00e9zille","description":"","publisher":{"@id":"https:\/\/www.la-cezille.ch\/de\/#organization"},"potentialAction":[{"@type":"SearchAction","target":{"@type":"EntryPoint","urlTemplate":"https:\/\/www.la-cezille.ch\/de\/?s={search_term_string}"},"query-input":"required name=search_term_string"}],"inLanguage":"de"},{"@type":"Organization","@id":"https:\/\/www.la-cezille.ch\/de\/#organization","name":"La C\u00e9zille","url":"https:\/\/www.la-cezille.ch\/de\/","logo":{"@type":"ImageObject","inLanguage":"de","@id":"https:\/\/www.la-cezille.ch\/de\/#\/schema\/logo\/image\/","url":"https:\/\/www.la-cezille.ch\/wp-content\/uploads\/2019\/11\/La-cezille.png","contentUrl":"https:\/\/www.la-cezille.ch\/wp-content\/uploads\/2019\/11\/La-cezille.png","width":327,"height":133,"caption":"La C\u00e9zille"},"image":{"@id":"https:\/\/www.la-cezille.ch\/de\/#\/schema\/logo\/image\/"}}]}},"_links":{"self":[{"href":"https:\/\/www.la-cezille.ch\/de\/wp-json\/wp\/v2\/pages\/31246","targetHints":{"allow":["GET"]}}],"collection":[{"href":"https:\/\/www.la-cezille.ch\/de\/wp-json\/wp\/v2\/pages"}],"about":[{"href":"https:\/\/www.la-cezille.ch\/de\/wp-json\/wp\/v2\/types\/page"}],"author":[{"embeddable":true,"href":"https:\/\/www.la-cezille.ch\/de\/wp-json\/wp\/v2\/users\/1"}],"replies":[{"embeddable":true,"href":"https:\/\/www.la-cezille.ch\/de\/wp-json\/wp\/v2\/comments?post=31246"}],"version-history":[{"count":0,"href":"https:\/\/www.la-cezille.ch\/de\/wp-json\/wp\/v2\/pages\/31246\/revisions"}],"wp:attachment":[{"href":"https:\/\/www.la-cezille.ch\/de\/wp-json\/wp\/v2\/media?parent=31246"}],"curies":[{"name":"wp","href":"https:\/\/api.w.org\/{rel}","templated":true}]}}